

{"id":5582,"date":"2018-11-06T07:54:02","date_gmt":"2018-11-06T06:54:02","guid":{"rendered":"https:\/\/norecu.de\/?page_id=5582"},"modified":"2023-07-12T13:11:46","modified_gmt":"2023-07-12T11:11:46","slug":"data-protection","status":"publish","type":"page","link":"https:\/\/norecu.de\/en\/data-protection\/","title":{"rendered":"Data protection"},"content":{"rendered":"<div id=\"pl-5582\"  class=\"panel-layout\" ><div id=\"pg-5582-0\"  class=\"panel-grid panel-no-style\" ><div id=\"pgc-5582-0-0\"  class=\"panel-grid-cell\" ><div id=\"panel-5582-0-0-0\" class=\"so-panel widget widget_sow-editor panel-first-child panel-last-child\" data-index=\"0\" ><div\n\t\t\t\n\t\t\tclass=\"so-widget-sow-editor so-widget-sow-editor-base\"\n\t\t\t\n\t\t>\n<div class=\"siteorigin-widget-tinymce textwidget\">\n\t<h1>Data protection<\/h1>\n<p>Information \u00fcber die Erhebung personenbezogener Daten<\/p>\n<p>(1) Im Folgenden informieren wir \u00fcber die Erhebung personenbezogener Daten bei Nutzung unserer Website. Personenbezogene Daten sind alle Daten, die auf Sie pers\u00f6nlich beziehbar sind, z. B. Name, Adresse, E-Mail-Adressen, Nutzerverhalten.<\/p>\n<p>(2) Verantwortlicher gem. Art. 4 Abs. 7 EU-Datenschutz-Grundverordnung (DS-GVO) ist die Norecu Executive Search GmbH, M\u00fcnchner Freiheit 20, 80802 M\u00fcnchen, Telefon: 089 1219310 50 Mail: Katja Hoppe-Reinbold (<a href=\"mailto:k.hoppe@norecu.de\">k.hoppe@norecu.de<\/a> - siehe auch Impressum).<\/p>\n<p>Unseren Datenschutzbeauftragten erreichen Sie mit dem Zusatz \u201eDatenschutzbeauftragter\u201c \u00fcber <a href=\"mailto:Datenschutz@norecu.de\">Datenschutz@norecu.de<\/a> oder unter unserer Postadresse.<\/p>\n<p>(3) Bei Ihrer Kontaktaufnahme mit uns per E-Mail oder \u00fcber ein Kontaktformular werden die von Ihnen mitgeteilten Daten (Ihre E-Mail-Adresse, ggf. Ihr Name und Ihre Telefonnummer) von uns gespeichert, um Ihre Fragen zu beantworten. Die in diesem Zusammenhang anfallenden Daten l\u00f6schen wir, nachdem die Speicherung nicht mehr erforderlich ist, oder schr\u00e4nken die Verarbeitung ein, falls gesetzliche Aufbewahrungspflichten bestehen.<\/p>\n<p>(4) Falls wir f\u00fcr einzelne Funktionen unseres Angebots auf beauftragte Dienstleister zur\u00fcckgreifen oder Ihre Daten f\u00fcr werbliche Zwecke nutzen m\u00f6chten, werden wir Sie untenstehend im Detail \u00fcber die jeweiligen Vorg\u00e4nge informieren. Dabei nennen wir auch die festgelegten Kriterien der Speicherdauer.<\/p>\n<p>Ihre Rechte<\/p>\n<p>(1) Sie haben gegen\u00fcber uns folgende Rechte hinsichtlich der Sie betreffenden personenbezogenen Daten:<\/p>\n<p>\u2013 Recht auf Auskunft,<\/p>\n<p>\u2013 Recht auf Berichtigung oder L\u00f6schung,<\/p>\n<p>\u2013 Recht auf Einschr\u00e4nkung der Verarbeitung,<\/p>\n<p>\u2013 Recht auf Widerspruch gegen die Verarbeitung,<\/p>\n<p>\u2013 Recht auf Daten\u00fcbertragbarkeit.<\/p>\n<p>(2) Sie haben zudem das Recht, sich bei einer Datenschutz-Aufsichtsbeh\u00f6rde \u00fcber die Verarbeitung Ihrer personenbezogenen Daten durch uns zu beschweren.<\/p>\n<p>Die zust\u00e4ndige Datenschutzaufsichtsbeh\u00f6rde ist das Bayerische Landesamt f\u00fcr Datenschutzaufsicht, Promenade 27 (Schloss), 91522 Ansbach, Telefon: 0049 (0) 981 53 1300, Telefax: 0049 (0) 981 53 98 1300, E-Mail: <a href=\"mailto:poststelle@lda.bayern.de\">poststelle@lda.bayern.de<\/a><\/p>\n<p>Erhebung personenbezogener Daten bei Besuch unserer Website<\/p>\n<p>(1) Bei der blo\u00df informatorischen Nutzung der Website, also wenn Sie sich nicht registrieren oder uns anderweitig Informationen \u00fcbermitteln, erheben wir nur die personenbezogenen Daten, die Ihr Browser an unseren Server \u00fcbermittelt. Wenn Sie unsere Website betrachten m\u00f6chten, erheben wir die folgenden Daten, die f\u00fcr uns technisch erforderlich sind, um Ihnen unsere Website anzuzeigen und die Stabilit\u00e4t und Sicherheit zu gew\u00e4hrleisten (Rechtsgrundlage ist Art. 6 Abs. 1 S. 1 lit. f DS-GVO):<\/p>\n<p>\u2013 IP-Adresse<\/p>\n<p>\u2013 Datum und Uhrzeit der Anfrage<\/p>\n<p>\u2013 Zeitzonendifferenz zur Greenwich Mean Time (GMT)<\/p>\n<p>\u2013 Inhalt der Anforderung (konkrete Seite)<\/p>\n<p>\u2013 Zugriffsstatus\/HTTP-Statuscode<\/p>\n<p>\u2013 jeweils \u00fcbertragene Datenmenge<\/p>\n<p>\u2013 Website, von der die Anforderung kommt<\/p>\n<p>\u2013 Browser<\/p>\n<p>\u2013 Betriebssystem und dessen Oberfl\u00e4che<\/p>\n<p>\u2013 Sprache und Version der Browsersoftware.<\/p>\n<p>(2) Zus\u00e4tzlich zu den zuvor genannten Daten werden bei Ihrer Nutzung unserer Website Cookies auf Ihrem Rechner gespeichert. Bei Cookies handelt es sich um kleine Textdateien, die auf Ihrer Festplatte dem von Ihnen verwendeten Browser zugeordnet gespeichert werden und durch welche der Stelle, die den Cookie setzt (hier durch uns), bestimmte Informationen zuflie\u00dfen. Cookies k\u00f6nnen keine Programme ausf\u00fchren oder Viren auf Ihren Computer \u00fcbertragen. Sie dienen dazu, das Internetangebot insgesamt nutzerfreundlicher und effektiver zu machen.<\/p>\n<p>(3) Einsatz von Cookies:<\/p>\n<p>a) Diese Website nutzt folgende Arten von Cookies, deren Umfang und Funktionsweise im Folgenden erl\u00e4utert werden:<\/p>\n<p>\u2013 Transiente Cookies (dazu b)<\/p>\n<p>\u2013 Persistente Cookies (dazu c).<\/p>\n<p>b) Transiente Cookies werden automatisiert gel\u00f6scht, wenn Sie den Browser schlie\u00dfen. Dazu z\u00e4hlen insbesondere die Session-Cookies. Diese speichern eine sogenannte Session-ID, mit welcher sich verschiedene Anfragen Ihres Browsers der gemeinsamen Sitzung zuordnen lassen. Dadurch kann Ihr Rechner wiedererkannt werden, wenn Sie auf unsere Website zur\u00fcckkehren. Die Session-Cookies werden gel\u00f6scht, wenn Sie sich ausloggen oder den Browser schlie\u00dfen.<\/p>\n<p>c) Persistente Cookies werden automatisiert nach einer vorgegebenen Dauer gel\u00f6scht, die sich je nach Cookie unterscheiden kann. Sie k\u00f6nnen die Cookies in den Sicherheitseinstellungen Ihres Browsers jederzeit l\u00f6schen.<\/p>\n<p>d) Sie k\u00f6nnen Ihre Browser-Einstellung entsprechend Ihren W\u00fcnschen konfigurieren und z. B. die Annahme von Third-Party-Cookies oder allen Cookies ablehnen. Wir weisen Sie darauf hin, dass Sie eventuell nicht alle Funktionen dieser Website nutzen k\u00f6nnen.<\/p>\n<p>Weitere Funktionen und Angebote unserer Website<\/p>\n<p>(1) Neben der rein informatorischen Nutzung unserer Website bieten wir verschiedene Leistungen an, die Sie bei Interesse nutzen k\u00f6nnen. Dazu m\u00fcssen Sie in der Regel weitere personenbezogene Daten angeben, die wir zur Erbringung der jeweiligen Leistung nutzen und f\u00fcr die die zuvor genannten Grunds\u00e4tze zur Datenverarbeitung gelten.<\/p>\n<p>(2) Teilweise bedienen wir uns zur Verarbeitung Ihrer Daten externer Dienstleister. Diese wurden von uns sorgf\u00e4ltig ausgew\u00e4hlt und beauftragt, sind an unsere Weisungen gebunden und werden regelm\u00e4\u00dfig kontrolliert.<\/p>\n<p>(3) Weiterhin k\u00f6nnen wir Ihre personenbezogenen Daten an Dritte weitergeben, wenn Aktionsteilnahmen, Gewinnspiele, Vertragsabschl\u00fcsse oder \u00e4hnliche Leistungen von uns gemeinsam mit Partnern angeboten werden. N\u00e4here Informationen hierzu erhalten Sie bei Angabe Ihrer personenbezogenen Daten oder untenstehend in der Beschreibung des Angebotes.<\/p>\n<p>(4) Soweit unsere Dienstleister oder Partner ihren Sitz in einem Staat au\u00dferhalb des Europ\u00e4ischen Wirtschaftsraumen (EWR) haben, informieren wir Sie \u00fcber die Folgen dieses Umstands in der Beschreibung des Angebotes.<\/p>\n<p>Widerspruch oder Widerruf gegen die Verarbeitung Ihrer Daten<\/p>\n<p>(1) Falls Sie eine Einwilligung zur Verarbeitung Ihrer Daten erteilt haben, k\u00f6nnen Sie diese jederzeit widerrufen. Ein solcher Widerruf beeinflusst die Zul\u00e4ssigkeit der Verarbeitung Ihrer personenbezogenen Daten, nachdem Sie ihn gegen\u00fcber uns ausgesprochen haben.<\/p>\n<p>(2) Soweit wir die Verarbeitung Ihrer personenbezogenen Daten auf die Interessenabw\u00e4gung st\u00fctzen, k\u00f6nnen Sie Widerspruch gegen die Verarbeitung einlegen. Dies ist der Fall, wenn die Verarbeitung insbesondere nicht zur Erf\u00fcllung eines Vertrags mit Ihnen erforderlich ist, was von uns jeweils bei der nachfolgenden Beschreibung der Funktionen dargestellt wird. Bei Aus\u00fcbung eines solchen Widerspruchs bitten wir um Darlegung der Gr\u00fcnde, weshalb wir Ihre personenbezogenen Daten nicht wie von uns durchgef\u00fchrt verarbeiten sollten. Im Falle Ihres begr\u00fcndeten Widerspruchs pr\u00fcfen wir die Sachlage und werden entweder die Datenverarbeitung einstellen bzw. anpassen oder Ihnen unsere zwingenden schutzw\u00fcrdigen Gr\u00fcnde aufzeigen, aufgrund derer wir die Verarbeitung fortf\u00fchren.<\/p>\n<p>(3) Selbstverst\u00e4ndlich k\u00f6nnen Sie der Verarbeitung Ihrer personenbezogenen Daten f\u00fcr Zwecke der Werbung und Datenanalyse jederzeit widersprechen. \u00dcber Ihren Werbewiderspruch k\u00f6nnen Sie uns unter <a href=\"mailto:k.hoppe@norecu.de\">k.hoppe@norecu.de<\/a> informieren.<\/p>\n<p>Einbindung von Google Maps<\/p>\n<p>(1) Auf dieser Webseite nutzen wir das Angebot von Google Maps. Dadurch k\u00f6nnen wir Ihnen interaktive Karten direkt in der Website anzeigen und erm\u00f6glichen Ihnen die komfortable Nutzung der Karten-Funktion.<\/p>\n<p>(2) Durch den Besuch auf der Website erh\u00e4lt Google die Information, dass Sie die entsprechende Unterseite unserer Website aufgerufen haben. Zudem werden die unter 3. dieser Erkl\u00e4rung genannten Daten \u00fcbermittelt. Dies erfolgt unabh\u00e4ngig davon, ob Google ein Nutzerkonto bereitstellt, \u00fcber das Sie eingeloggt sind, oder ob kein Nutzerkonto besteht. Wenn Sie bei Google eingeloggt sind, werden Ihre Daten direkt Ihrem Konto zugeordnet. Wenn Sie die Zuordnung mit Ihrem Profil bei Google nicht w\u00fcnschen, m\u00fcssen Sie sich vor Aktivierung des Buttons ausloggen. Google speichert Ihre Daten als Nutzungsprofile und nutzt sie f\u00fcr Zwecke der Werbung, Marktforschung und\/oder bedarfsgerechten Gestaltung seiner Website. Eine solche Auswertung erfolgt insbesondere (selbst f\u00fcr nicht eingeloggte Nutzer) zur Erbringung von bedarfsgerechter Werbung und um andere Nutzer des sozialen Netzwerks \u00fcber Ihre Aktivit\u00e4ten auf unserer Website zu informieren. Ihnen steht ein Widerspruchsrecht zu gegen die Bildung dieser Nutzerprofile, wobei Sie sich zur Aus\u00fcbung dessen an Google richten m\u00fcssen.<\/p>\n<p>(3) Weitere Informationen zu Zweck und Umfang der Datenerhebung und ihrer Verarbeitung durch den Plug-in-Anbieter erhalten Sie in den Datenschutzerkl\u00e4rungen des Anbieters. Dort erhalten Sie auch weitere Informationen zu Ihren diesbez\u00fcglichen Rechten und Einstellungsm\u00f6glichkeiten zum Schutze Ihrer Privatsph\u00e4re: http:\/\/www.google.de\/intl\/de\/policies\/privacy.<\/p>\n<p>Ein angemessenes Schutzniveau bei der \u00dcbertragung von Daten wird durch den Abschluss der EU-Standarddatenschutzklauseln abgesichert (abrufbar unter <u><a href=\"https:\/\/eur-lex.europa.eu\/legal-content\/DE\/TXT\/?qid=1487055654356&amp;uri=CELEX:32010D0087\">https:\/\/eur-lex.europa.eu\/legal-content\/DE\/TXT\/?qid=1487055654356&amp;uri=CELEX:32010D0087<\/a><\/u>).<\/p>\n<p>Einsatz von Google Analytics<\/p>\n<p>(1) Diese Website benutzt Google Analytics, einen Webanalysedienst der Google Inc. (\u201eGoogle\u201c). Google Analytics verwendet sog. \u201eCookies\u201c, Textdateien, die auf Ihrem Computer gespeichert werden und die eine Analyse der Benutzung der Website durch Sie erm\u00f6glichen. Die durch den Cookie erzeugten Informationen \u00fcber Ihre Benutzung dieser Website werden in der Regel an einen Server von Google in den USA \u00fcbertragen und dort gespeichert. Im Falle der Aktivierung der IP-Anonymisierung auf dieser Website, wird Ihre IP-Adresse von Google jedoch innerhalb von Mitgliedstaaten der Europ\u00e4ischen Union oder in anderen Vertragsstaaten des Abkommens \u00fcber den Europ\u00e4ischen Wirtschaftsraum zuvor gek\u00fcrzt. Nur in Ausnahmef\u00e4llen wird die volle IP-Adresse an einen Server von Google in den USA \u00fcbertragen und dort gek\u00fcrzt. Im Auftrag des Betreibers dieser Website wird Google diese Informationen benutzen, um Ihre Nutzung der Website auszuwerten, um Reports \u00fcber die Website-Aktivit\u00e4ten zusammenzustellen und um weitere mit der Website-Nutzung und der Internetnutzung verbundene Dienstleistungen gegen\u00fcber dem Website-Betreiber zu erbringen.<\/p>\n<p>(2) Die im Rahmen von Google Analytics von Ihrem Browser \u00fcbermittelte IP-Adresse wird nicht mit anderen Daten von Google zusammengef\u00fchrt.<\/p>\n<p>(3) Sie k\u00f6nnen die Speicherung der Cookies durch eine entsprechende Einstellung Ihrer Browser-Software verhindern; wir weisen Sie jedoch darauf hin, dass Sie in diesem Fall gegebenenfalls nicht s\u00e4mtliche Funktionen dieser Website vollumf\u00e4nglich werden nutzen k\u00f6nnen. Sie k\u00f6nnen dar\u00fcber hinaus die Erfassung der durch das Cookie erzeugten und auf Ihre Nutzung der Website bezogenen Daten (inkl. Ihrer IP-Adresse) an Google sowie die Verarbeitung dieser Daten durch Google verhindern, indem sie das unter dem folgenden Link verf\u00fcgbare Browser-Plug-in herunterladen und installieren: <a href=\"http:\/\/tools.google.com\/dlpage\/gaoptout?hl=de.\" target=\"_blank\" rel=\"noopener\">http:\/\/tools.google.com\/dlpage\/gaoptout?hl=de.<\/a><\/p>\n<p>(4) Diese Website verwendet Google Analytics mit der Erweiterung \u201e_anonymizeIp()\u201c. Dadurch werden IP-Adressen gek\u00fcrzt weiterverarbeitet, eine Personenbeziehbarkeit kann damit ausgeschlossen werden. Soweit den \u00fcber Sie erhobenen Daten ein Personenbezug zukommt, wird dieser also sofort ausgeschlossen und die personenbezogenen Daten damit umgehend gel\u00f6scht.<\/p>\n<p>(5) Wir nutzen Google Analytics, um die Nutzung unserer Website analysieren und regelm\u00e4\u00dfig verbessern zu k\u00f6nnen. \u00dcber die gewonnenen Statistiken k\u00f6nnen wir unser Angebot verbessern und f\u00fcr Sie als Nutzer interessanter ausgestalten. F\u00fcr die Ausnahmef\u00e4lle, in denen personenbezogene Daten in die USA \u00fcbertragen werden, ein\u00a0angemessenes Schutzniveau bei der \u00dcbertragung von Daten wird durch den Abschluss der EU-Standarddatenschutzklauseln abgesichert (abrufbar unter <u><a href=\"https:\/\/eur-lex.europa.eu\/legal-content\/DE\/TXT\/?qid=1487055654356&amp;uri=CELEX:32010D0087\">https:\/\/eur-lex.europa.eu\/legal-content\/DE\/TXT\/?qid=1487055654356&amp;uri=CELEX:32010D0087<\/a><\/u>).<\/p>\n<p>Rechtsgrundlage f\u00fcr die Nutzung von Google Analytics ist Art. 6 Abs. 1 S. 1 lit. f DS-GVO.<\/p>\n<p>(6) Informationen des Drittanbieters: Google Dublin, Google Ireland Ltd., Gordon House, Barrow Street, Dublin 4, Ireland, Fax: +353 (1) 436 1001. Nutzerbedingungen: <a href=\"http:\/\/www.google.com\/analytics\/terms\/de.html\" target=\"_blank\" rel=\"noopener\">http:\/\/www.google.com\/analytics\/terms\/de.html<\/a>, \u00dcbersicht zum Datenschutz: <a href=\"http:\/\/www.google.com\/intl\/de\/analytics\/learn\/privacy.html\" target=\"_blank\" rel=\"noopener\">http:\/\/www.google.com\/intl\/de\/analytics\/learn\/privacy.html<\/a>, sowie die Datenschutzerkl\u00e4rung: http:\/\/www.google.de\/intl\/de\/policies\/privacy.<\/p>\n<p>(7) Diese Website verwendet Google Analytics zudem f\u00fcr eine ger\u00e4te\u00fcbergreifende Analyse von Besucherstr\u00f6men, die \u00fcber eine User-ID durchgef\u00fchrt wird. Sie k\u00f6nnen in Ihrem Kundenkonto unter \u201eMeine Daten\u201c, \u201epers\u00f6nliche Daten\u201c die ger\u00e4te\u00fcbergreifende Analyse Ihrer Nutzung deaktivieren.<\/p>\n<p>Einsatz von Social-Media-Plug-Ins<\/p>\n<p>(1) Wir setzen derzeit folgende Social-Media-Plug-ins ein: Xing, LinkedIn. Wir nutzen dabei die sog. Zwei-Klick-L\u00f6sung. Das hei\u00dft, wenn Sie unsere Seite besuchen, werden zun\u00e4chst grunds\u00e4tzlich keine personenbezogenen Daten an die Anbieter der Plug-ins weitergegeben. Den Anbieter des Plug-ins erkennen Sie \u00fcber die Markierung auf dem Kasten \u00fcber seinen Anfangsbuchstaben oder das Logo. Wir er\u00f6ffnen Ihnen die M\u00f6glichkeit, \u00fcber den Button direkt mit dem Anbieter des Plug-ins zu kommunizieren. Nur wenn Sie auf das markierte Feld klicken und es dadurch aktivieren, erh\u00e4lt der Plug-in-Anbieter die Information, dass Sie die entsprechende Website unseres Online-Angebots aufgerufen haben. Zudem werden die unter \u00a7 3 dieser Erkl\u00e4rung genannten Daten \u00fcbermittelt. Im Fall von Facebook und Xing wird nach Angaben der jeweiligen Anbieter in Deutschland die IP-Adresse sofort nach Erhebung anonymisiert. Durch die Aktivierung des Plug-ins werden also personenbezogene Daten von Ihnen an den jeweiligen Plug-in-Anbieter \u00fcbermittelt und dort (bei US-amerikanischen Anbietern in den USA) gespeichert. Da der Plug-in-Anbieter die Datenerhebung insbesondere \u00fcber Cookies vornimmt, empfehlen wir Ihnen, vor dem Klick auf den ausgegrauten Kasten \u00fcber die Sicherheitseinstellungen Ihres Browsers alle Cookies zu l\u00f6schen.<\/p>\n<p>(2) Wir haben weder Einfluss auf die erhobenen Daten und Datenverarbeitungsvorg\u00e4nge, noch sind uns der volle Umfang der Datenerhebung, die Zwecke der Verarbeitung, die Speicherfristen bekannt. Auch zur L\u00f6schung der erhobenen Daten durch den Plug-in-Anbieter liegen uns keine Informationen vor.<\/p>\n<p>(3) Der Plug-in-Anbieter speichert die \u00fcber Sie erhobenen Daten als Nutzungsprofile und nutzt diese f\u00fcr Zwecke der Werbung, Marktforschung und\/oder bedarfsgerechten Gestaltung seiner Website. Eine solche Auswertung erfolgt insbesondere (auch f\u00fcr nicht eingeloggte Nutzer) zur Darstellung von bedarfsgerechter Werbung und um andere Nutzer des sozialen Netzwerks \u00fcber Ihre Aktivit\u00e4ten auf unserer Website zu informieren. Ihnen steht ein Widerspruchsrecht gegen die Bildung dieser Nutzerprofile zu, wobei Sie sich zur Aus\u00fcbung dessen an den jeweiligen Plug-in-Anbieter wenden m\u00fcssen. \u00dcber die Plug-ins bietet wir Ihnen die M\u00f6glichkeit, mit den sozialen Netzwerken und anderen Nutzern zu interagieren, so dass wir unser Angebot verbessern und f\u00fcr Sie als Nutzer interessanter ausgestalten k\u00f6nnen. Rechtsgrundlage f\u00fcr die Nutzung der Plug-ins ist Art. 6 Abs. 1 S. 1 lit. f DS-GVO.<\/p>\n<p>(4) Die Datenweitergabe erfolgt unabh\u00e4ngig davon, ob Sie ein Konto bei dem Plug-in-Anbieter besitzen und dort eingeloggt sind. Wenn Sie bei dem Plug-in-Anbieter eingeloggt sind, werden Ihre bei uns erhobenen Daten direkt Ihrem beim Plug-in-Anbieter bestehenden Konto zugeordnet. Wenn Sie den aktivierten Button bet\u00e4tigen und z. B. die Seite verlinken, speichert der Plug-in-Anbieter auch diese Information in Ihrem Nutzerkonto und teilt sie Ihren Kontakten \u00f6ffentlich mit. Wir empfehlen Ihnen, sich nach Nutzung eines sozialen Netzwerks regelm\u00e4\u00dfig auszuloggen, insbesondere jedoch vor Aktivierung des Buttons, da Sie so eine Zuordnung zu Ihrem Profil bei dem Plug-in-Anbieter vermeiden k\u00f6nnen.<\/p>\n<p>(5) Weitere Informationen zu Zweck und Umfang der Datenerhebung und ihrer Verarbeitung durch den Plug-in-Anbieter erhalten Sie in den im Folgenden mitgeteilten Datenschutzerkl\u00e4rungen dieser Anbieter. Dort erhalten Sie auch weitere Informationen zu Ihren diesbez\u00fcglichen Rechten und Einstellungsm\u00f6glichkeiten zum Schutze Ihrer Privatsph\u00e4re.<\/p>\n<p>(6) Adressen der jeweiligen Plug-in-Anbieter und URL mit deren Datenschutzhinweisen:<\/p>\n<p>a) Xing AG, G\u00e4nsemarkt 43, 20354 Hamburg, DE; <a href=\"http:\/\/www.xing.com\/privacy\" target=\"_blank\" rel=\"noopener\">http:\/\/www.xing.com\/privacy<\/a>.<\/p>\n<p>b) LinkedIn Corporation, 2029 Stierlin Court, Mountain View, California 94043, USA; <a href=\"http:\/\/www.linkedin.com\/legal\/privacy-policy\" target=\"_blank\" rel=\"noopener\">http:\/\/www.linkedin.com\/legal\/privacy-policy<\/a>. LinkedIn hat sich dem EU-US-Privacy-Shield unterworfen, <a href=\"https:\/\/www.privacyshield.gov\/EU-US-Framework\">https:\/\/www.privacyshield.gov\/EU-US-Framework<\/a><\/p>\n<p>Informationen f\u00fcr Bewerber gem\u00e4\u00df Art. 13 DSGVO<\/p>\n<p>Verantwortlicher f\u00fcr die Datenverarbeitung<\/p>\n<p>Verantwortlicher f\u00fcr die Verarbeitung von personenbezogenen Daten im Rahmen des Bewerbungsverfahrens im Sinne der Datenschutz-Grundverordnung (DSGVO) ist:<\/p>\n<p>Norecu Executive Search GmbH<br \/>\nM\u00fcnchner Freiheit 20<br \/>\n80802 M\u00fcnchen<br \/>\nTel: +49 (0)89 1219310 50<br \/>\n<a href=\"mailto:office@norecu.de\">office@norecu.de<\/a><br \/>\n<a href=\"http:\/\/www.norecu.de\">www.norecu.de<\/a><\/p>\n<p>Datenschutzbeauftragter<\/p>\n<p>Der Datenschutzbeauftragte steht Ihnen f\u00fcr Fragen zur Verarbeitung Ihrer personenbezogenen Daten unter <a href=\"mailto:datenschutz@norecu.de\">datenschutz@norecu.de<\/a> zur Verf\u00fcgung. Ebenfalls k\u00f6nnen Sie \u00fcber die oben genannten Kontaktdaten mit dem Zusatz \u201ean den Datenschutzbeauftragten\u201c diesen kontaktieren.<\/p>\n<p>Zweck der Datenverarbeitung, Datenkategorien und Rechtsgrundlage<\/p>\n<p>Wir speichern die von Ihnen zur Verf\u00fcgung gestellten personenbezogenen Daten im Rahmen des Bewerbungsverfahrens. Dies gilt sowohl f\u00fcr Bewerbungen auf konkrete Ausschreibungen als auch f\u00fcr Initiativbewerbungen. Dies k\u00f6nnen Kontaktdaten, alle mit der Bewerbung in Verbindung stehenden Daten (Lebenslauf, Zeugnisse, Qualifikationen, Antworten auf Fragen etc.) sowie ggf. Daten zur Bankverbindung (um Reisekosten zu erstatten) sein. Rechtsgrundlagen f\u00fcr die Datenerhebung sind Art. 6 Abs. 1 Ziff. f DSGVO und \u00a7 26 Abs. 1 BDSG-neu.<\/p>\n<p>Wenn Sie uns Ihre Erlaubnis erteilt haben, Ihre personenbezogenen Daten \u00fcber das Bewerbungsverfahren hinaus f\u00fcr einen festgelegten Zeitraum von maximal drei Jahren zu speichern oder die Daten im Konzernverbund f\u00fcr \u00e4hnliche Besetzungsverfahren zu verwenden, ist Rechtsgrundlage Art. 6 I a DSGVO.<\/p>\n<p>Datenweitergaben, Datentransfer in Drittl\u00e4nder<\/p>\n<p>Innerhalb der verantwortlichen Stelle erhalten nur diejenigen Stellen Ihre Daten, die mit der Vorbereitung und der Durchf\u00fchrung des Bewerbungsprozesses betraut sind. Das sind die Mitarbeiter in der Personalabteilung sowie die Fachbereiche, in denen eine Stelle besetzt werden soll, die F\u00fchrungskr\u00e4fte und die potentiellen Vorgesetzten, gegebenenfalls erh\u00e4lt der Betriebsrat die Bewerbungsunterlagen. Auch von uns eingesetzte und im Auftrag t\u00e4tige Dienstleister (sog. Auftragsverarbeiter, vgl. Art. 28 DSGVO) k\u00f6nnen zu diesen genannten Zwecken Daten verarbeiten.<\/p>\n<p>Eine \u00dcbermittlung in Drittstaaten findet nicht statt.<\/p>\n<p>Speicherung der Daten<\/p>\n<p>Soweit keine gesetzliche Aufbewahrungsfrist existiert, werden die Daten gel\u00f6scht, sobald eine Speicherung nicht mehr erforderlich, bzw. das berechtigte Interesse an der Speicherung erloschen ist. Sofern keine Einstellung erfolgt, ist dies regelm\u00e4\u00dfig sp\u00e4testens sechs Monate nach Abschluss des Bewerbungsverfahrens der Fall.<\/p>\n<p>In Einzelf\u00e4llen kann es zu einer l\u00e4ngeren Speicherung von einzelnen Daten kommen (z. B. Reisekostenabrechnung). Die Dauer der Speicherung richtet sich dann nach den gesetzlichen Aufbewahrungspflichten bspw. aus der Abgabenordnung (6 Jahre) oder dem Handelsgesetzbuch (10 Jahre).<\/p>\n<p>Sofern Sie uns Ihre Erlaubnis erteilt haben, Ihre personenbezogenen Daten \u00fcber das Bewerbungsverfahren hinaus f\u00fcr einen festgelegten Zeitraum zu speichern, gilt dieser Aufbewahrungszeitraum von maximal drei Jahren.<\/p>\n<p>Ihre Betroffenenrechte als Bewerber<\/p>\n<p>Jede betroffene Person hat das Recht auf Auskunft nach Art. 15 DS-GVO, das Recht auf Berichtigung nach Art. 16 DS-GVO, das Recht auf L\u00f6schung nach Art. 17 DS-GVO, das Recht auf Einschr\u00e4nkung der Verarbeitung nach Art. 18 DS-GVO sowie das Recht auf Daten\u00fcbertragbarkeit aus Art. 20 DS-GVO.<\/p>\n<p>Beim Auskunftsrecht und beim L\u00f6schungsrecht gelten die Einschr\u00e4nkungen nach \u00a7\u00a7 34 und 35 BDSG.<\/p>\n<p>Dar\u00fcber hinaus besteht ein Beschwerderecht bei einer Datenschutzaufsichtsbeh\u00f6rde (Art. 77 DS-GVO i.V.m. \u00a7 19 BDSG).<\/p>\n<p>Information \u00fcber Ihr Widerspruchsrecht nach Art. 21 Datenschutz-Grundverordnung (DSGVO)<\/p>\n<p>Sie haben das Recht, aus Gr\u00fcnden, die sich aus Ihrer besonderen Situation ergeben, jederzeit gegen die Verarbeitung Sie betreffender personenbezogener Daten, die aufgrund von Art. 6 Absatz 1 Buchstabe f DS-GVO (Datenverarbeitung auf der Grundlage einer Interessenabw\u00e4gung) erfolgt, Widerspruch einzulegen. Dies gilt auch f\u00fcr ein auf diese Bestimmung gest\u00fctztes Profiling im Sinne von Art. 4 Nr. 4 DSGVO, das z.B. zur Bewerberauswahl erfolgen kann.<\/p>\n<\/div>\n<\/div><\/div><\/div><\/div><\/div>","protected":false},"excerpt":{"rendered":"<p>Data protection Information \u00fcber die Erhebung personenbezogener Daten (1) Im Folgenden informieren wir \u00fcber die Erhebung personenbezogener Daten bei Nutzung unserer Website. Personenbezogene Daten sind alle Daten, die auf Sie pers\u00f6nlich beziehbar sind, z. B. Name, Adresse, E-Mail-Adressen, Nutzerverhalten. (2) Verantwortlicher gem. Art. 4 Abs. 7 EU-Datenschutz-Grundverordnung (DS-GVO) ist die Norecu Executive Search GmbH, M\u00fcnchner [&hellip;]<\/p>\n","protected":false},"author":12,"featured_media":0,"parent":0,"menu_order":0,"comment_status":"closed","ping_status":"open","template":"","meta":{"footnotes":""},"yoast_head":"<!-- This site is optimized with the Yoast SEO plugin v22.9 - https:\/\/yoast.com\/wordpress\/plugins\/seo\/ -->\n<title>Data protection - Norecu Executive Search GmbH<\/title>\n<meta name=\"robots\" content=\"index, follow, max-snippet:-1, max-image-preview:large, max-video-preview:-1\" \/>\n<link rel=\"canonical\" href=\"https:\/\/norecu.de\/en\/data-protection\/\" \/>\n<meta property=\"og:locale\" content=\"en_US\" \/>\n<meta property=\"og:type\" content=\"article\" \/>\n<meta property=\"og:title\" content=\"Data protection - Norecu Executive Search GmbH\" \/>\n<meta property=\"og:description\" content=\"Data protection Information \u00fcber die Erhebung personenbezogener Daten (1) Im Folgenden informieren wir \u00fcber die Erhebung personenbezogener Daten bei Nutzung unserer Website. Personenbezogene Daten sind alle Daten, die auf Sie pers\u00f6nlich beziehbar sind, z. B. Name, Adresse, E-Mail-Adressen, Nutzerverhalten. (2) Verantwortlicher gem. Art. 4 Abs. 7 EU-Datenschutz-Grundverordnung (DS-GVO) ist die Norecu Executive Search GmbH, M\u00fcnchner [&hellip;]\" \/>\n<meta property=\"og:url\" content=\"https:\/\/norecu.de\/en\/data-protection\/\" \/>\n<meta property=\"og:site_name\" content=\"Norecu Executive Search GmbH\" \/>\n<meta property=\"article:modified_time\" content=\"2023-07-12T11:11:46+00:00\" \/>\n<meta name=\"twitter:card\" content=\"summary_large_image\" \/>\n<meta name=\"twitter:label1\" content=\"Est. reading time\" \/>\n\t<meta name=\"twitter:data1\" content=\"15 minutes\" \/>\n<script type=\"application\/ld+json\" class=\"yoast-schema-graph\">{\"@context\":\"https:\/\/schema.org\",\"@graph\":[{\"@type\":\"WebPage\",\"@id\":\"https:\/\/norecu.de\/en\/data-protection\/\",\"url\":\"https:\/\/norecu.de\/en\/data-protection\/\",\"name\":\"Data protection - Norecu Executive Search GmbH\",\"isPartOf\":{\"@id\":\"https:\/\/norecu.de\/#website\"},\"datePublished\":\"2018-11-06T06:54:02+00:00\",\"dateModified\":\"2023-07-12T11:11:46+00:00\",\"breadcrumb\":{\"@id\":\"https:\/\/norecu.de\/en\/data-protection\/#breadcrumb\"},\"inLanguage\":\"en-US\",\"potentialAction\":[{\"@type\":\"ReadAction\",\"target\":[\"https:\/\/norecu.de\/en\/data-protection\/\"]}]},{\"@type\":\"BreadcrumbList\",\"@id\":\"https:\/\/norecu.de\/en\/data-protection\/#breadcrumb\",\"itemListElement\":[{\"@type\":\"ListItem\",\"position\":1,\"name\":\"Home\",\"item\":\"https:\/\/norecu.de\/en\/\"},{\"@type\":\"ListItem\",\"position\":2,\"name\":\"Data protection\"}]},{\"@type\":\"WebSite\",\"@id\":\"https:\/\/norecu.de\/#website\",\"url\":\"https:\/\/norecu.de\/\",\"name\":\"Norecu Executive Search GmbH\",\"description\":\"\",\"publisher\":{\"@id\":\"https:\/\/norecu.de\/#organization\"},\"potentialAction\":[{\"@type\":\"SearchAction\",\"target\":{\"@type\":\"EntryPoint\",\"urlTemplate\":\"https:\/\/norecu.de\/?s={search_term_string}\"},\"query-input\":\"required name=search_term_string\"}],\"inLanguage\":\"en-US\"},{\"@type\":\"Organization\",\"@id\":\"https:\/\/norecu.de\/#organization\",\"name\":\"Norecu Executive Search GmbH\",\"url\":\"https:\/\/norecu.de\/\",\"logo\":{\"@type\":\"ImageObject\",\"inLanguage\":\"en-US\",\"@id\":\"https:\/\/norecu.de\/#\/schema\/logo\/image\/\",\"url\":\"https:\/\/norecu.de\/wp-content\/uploads\/Norecu_Logo_1.0.png\",\"contentUrl\":\"https:\/\/norecu.de\/wp-content\/uploads\/Norecu_Logo_1.0.png\",\"width\":23623,\"height\":2286,\"caption\":\"Norecu Executive Search GmbH\"},\"image\":{\"@id\":\"https:\/\/norecu.de\/#\/schema\/logo\/image\/\"}}]}<\/script>\n<!-- \/ Yoast SEO plugin. -->","yoast_head_json":{"title":"Data protection - Norecu Executive Search GmbH","robots":{"index":"index","follow":"follow","max-snippet":"max-snippet:-1","max-image-preview":"max-image-preview:large","max-video-preview":"max-video-preview:-1"},"canonical":"https:\/\/norecu.de\/en\/data-protection\/","og_locale":"en_US","og_type":"article","og_title":"Data protection - Norecu Executive Search GmbH","og_description":"Data protection Information \u00fcber die Erhebung personenbezogener Daten (1) Im Folgenden informieren wir \u00fcber die Erhebung personenbezogener Daten bei Nutzung unserer Website. Personenbezogene Daten sind alle Daten, die auf Sie pers\u00f6nlich beziehbar sind, z. B. Name, Adresse, E-Mail-Adressen, Nutzerverhalten. (2) Verantwortlicher gem. Art. 4 Abs. 7 EU-Datenschutz-Grundverordnung (DS-GVO) ist die Norecu Executive Search GmbH, M\u00fcnchner [&hellip;]","og_url":"https:\/\/norecu.de\/en\/data-protection\/","og_site_name":"Norecu Executive Search GmbH","article_modified_time":"2023-07-12T11:11:46+00:00","twitter_card":"summary_large_image","twitter_misc":{"Est. reading time":"15 minutes"},"schema":{"@context":"https:\/\/schema.org","@graph":[{"@type":"WebPage","@id":"https:\/\/norecu.de\/en\/data-protection\/","url":"https:\/\/norecu.de\/en\/data-protection\/","name":"Data protection - Norecu Executive Search GmbH","isPartOf":{"@id":"https:\/\/norecu.de\/#website"},"datePublished":"2018-11-06T06:54:02+00:00","dateModified":"2023-07-12T11:11:46+00:00","breadcrumb":{"@id":"https:\/\/norecu.de\/en\/data-protection\/#breadcrumb"},"inLanguage":"en-US","potentialAction":[{"@type":"ReadAction","target":["https:\/\/norecu.de\/en\/data-protection\/"]}]},{"@type":"BreadcrumbList","@id":"https:\/\/norecu.de\/en\/data-protection\/#breadcrumb","itemListElement":[{"@type":"ListItem","position":1,"name":"Home","item":"https:\/\/norecu.de\/en\/"},{"@type":"ListItem","position":2,"name":"Data protection"}]},{"@type":"WebSite","@id":"https:\/\/norecu.de\/#website","url":"https:\/\/norecu.de\/","name":"Norecu Executive Search GmbH","description":"","publisher":{"@id":"https:\/\/norecu.de\/#organization"},"potentialAction":[{"@type":"SearchAction","target":{"@type":"EntryPoint","urlTemplate":"https:\/\/norecu.de\/?s={search_term_string}"},"query-input":"required name=search_term_string"}],"inLanguage":"en-US"},{"@type":"Organization","@id":"https:\/\/norecu.de\/#organization","name":"Norecu Executive Search GmbH","url":"https:\/\/norecu.de\/","logo":{"@type":"ImageObject","inLanguage":"en-US","@id":"https:\/\/norecu.de\/#\/schema\/logo\/image\/","url":"https:\/\/norecu.de\/wp-content\/uploads\/Norecu_Logo_1.0.png","contentUrl":"https:\/\/norecu.de\/wp-content\/uploads\/Norecu_Logo_1.0.png","width":23623,"height":2286,"caption":"Norecu Executive Search GmbH"},"image":{"@id":"https:\/\/norecu.de\/#\/schema\/logo\/image\/"}}]}},"_links":{"self":[{"href":"https:\/\/norecu.de\/en\/wp-json\/wp\/v2\/pages\/5582"}],"collection":[{"href":"https:\/\/norecu.de\/en\/wp-json\/wp\/v2\/pages"}],"about":[{"href":"https:\/\/norecu.de\/en\/wp-json\/wp\/v2\/types\/page"}],"author":[{"embeddable":true,"href":"https:\/\/norecu.de\/en\/wp-json\/wp\/v2\/users\/12"}],"replies":[{"embeddable":true,"href":"https:\/\/norecu.de\/en\/wp-json\/wp\/v2\/comments?post=5582"}],"version-history":[{"count":8,"href":"https:\/\/norecu.de\/en\/wp-json\/wp\/v2\/pages\/5582\/revisions"}],"predecessor-version":[{"id":7564,"href":"https:\/\/norecu.de\/en\/wp-json\/wp\/v2\/pages\/5582\/revisions\/7564"}],"wp:attachment":[{"href":"https:\/\/norecu.de\/en\/wp-json\/wp\/v2\/media?parent=5582"}],"curies":[{"name":"wp","href":"https:\/\/api.w.org\/{rel}","templated":true}]}}